{"id":399,"date":"2019-09-19T12:26:05","date_gmt":"2019-09-19T12:26:05","guid":{"rendered":"http:\/\/dev.ehboarnhemenomstreken.nl\/index.php\/blog\/"},"modified":"2026-04-15T01:08:03","modified_gmt":"2026-04-14T23:08:03","slug":"nieuws","status":"publish","type":"page","link":"https:\/\/www.ehboarnhemenomstreken.nl\/index.php\/nieuws\/","title":{"rendered":"Nieuws"},"content":{"rendered":"\n<h2 class=\"wp-block-heading\">EHBO Arnhem Presikhaaf en EHBO Arnhem zijn gefuseerd<\/h2>\n\n\n\n<p>Vanaf 10-4-2026 zijn de verenigingen EHBO Arnhem Presikhaaf en EHBO Arnhem gefuseerd tot \u00e9\u00e9n vereniging:<br>EHBO Arnhem en omstreken<\/p>\n\n\n\n<p>Ze combineren jarenlange ervaring in de hulpverlening en opleidingen om gezamenlijk de toekomst tegemoet te gaan.<\/p>\n\n\n\n<p><\/p>\n\n\n\n<h2 class=\"wp-block-heading\">Nieuw lesjaar<\/h2>\n\n\n\n<p><em>28 augustus 2025<\/em><br>Vanaf september 2025 zullen wij onze opleiding en herhalingslessen verzorgen bij het MFC Presikhaven aan de Laan van Presikhaaf 7 in Arnhem.<br>In het komend seizoen zullen we hier ook weer nauw samenwerken met vereniging EHBO Arnhem Presikhaaf.<\/p>\n\n\n\n<h2 class=\"wp-block-heading\">Nieuwe leslocatie<\/h2>\n\n\n\n<p><em>19 augustus 2024<\/em><br>Vanaf september 2024 zullen wij onze opleiding en herhalingslessen verzorgen bij Stichting OASV aan de Dennenweg 106 in Arnhem.<br>In het komend seizoen zullen we hier ook weer nauw samenwerken met vereniging EHBO Arnhem Presikhaaf.<\/p>\n\n\n\n<h2 class=\"wp-block-heading\">Onderscheidingen voor onze leden<\/h2>\n\n\n\n<p><em>27 maart<br><\/em>Op de Algemene Ledenvergadering heeft onze voorzitter Piet een aantal leden mogen onderscheiden voor hun inzet voor EHBO Arnhem.<\/p>\n\n\n\n<p>Willem is al jaren actief als hulpverlener en levert daarnaast vele hand- en spandiensten binnen onze vereniging.<br>Linda spant zich al vele jaren in voor het verzorgen van de materialen voor zowel de opleidingen als de hulpverlening.<br>Lely heeft zich als bestuurslid vele jaren ingezet als co\u00f6rdinator herhalingslessen.<br>Jaco is jarenlang instructeur van onze vereniging. Daarnaast is hij een aantal jaren als bestuurslid verantwoordelijk voor alle hulpverleningsactiviteiten van onze vereniging.&nbsp;<br>Dori is al 30 jaar lid van onze vereniging en heeft zich actief ingezet als hulpverlener.<br>Els is al bijna 30 jaar lid van onze vereniging.<br>Henny is al jarenlang&nbsp;actief als hulpverlener binnen onze vereniging.<br>Robert heeft&nbsp;zich als bestuurslid een aantal jaren ingezet als co\u00f6rdinator herhalingslessen en is&nbsp;al 25 jaar lid van onze vereniging.<br>Hennie&nbsp;is al jarenlang&nbsp;actief als hulpverlener binnen onze vereniging.<\/p>\n\n\n\n<figure class=\"wp-block-image size-full\"><a href=\"https:\/\/www.ehboarnhemenomstreken.nl\/wp-content\/uploads\/2023\/04\/allen.jpeg\"><img loading=\"lazy\" decoding=\"async\" width=\"1024\" height=\"768\" src=\"https:\/\/www.ehboarnhemenomstreken.nl\/wp-content\/uploads\/2023\/04\/allen.jpeg\" alt=\"\" class=\"wp-image-1858\" srcset=\"https:\/\/www.ehboarnhemenomstreken.nl\/wp-content\/uploads\/2023\/04\/allen.jpeg 1024w, https:\/\/www.ehboarnhemenomstreken.nl\/wp-content\/uploads\/2023\/04\/allen-300x225.jpeg 300w, https:\/\/www.ehboarnhemenomstreken.nl\/wp-content\/uploads\/2023\/04\/allen-768x576.jpeg 768w\" sizes=\"auto, (max-width: 1024px) 100vw, 1024px\" \/><\/a><\/figure>\n\n\n\n<h2 class=\"wp-block-heading\">Koninklijke onderscheiding voor Mark<\/h2>\n\n\n\n<p><em>26 april 2022<\/em><br>Vandaag ontving Mark uit de handen van Burgemeester Ahmed Marcouch een koninklijke onderscheiding! Hij is nu lid in de Orde van Oranje-Nassau. Mark kreeg deze onderscheiding voor zijn jarenlange inzet (vanaf 1992!) en verdiensten als Penningmeester van de EHBO-vereniging.<\/p>\n\n\n\n<p>\u2018Ik ben ontzettend trots op de 19 mensen die ik dit jaar een Koninklijke onderscheiding mocht uitreiken. Arnhem kan niet zonder hun enorme inzet en verdiensten. De inzet voor de samenleving is divers, maar er is \u00e9\u00e9n ding dat al deze mensen gemeenschappelijk hebben. Zij maken het verschil en vergroten het geluk van hun mede-Arnhemmers. Ze verdienen blijvende erkenning en vandaag een geweldig feest\u2019, aldus burgemeester Ahmed Marcouch.<\/p>\n\n\n\n<figure class=\"wp-block-image size-large\"><a href=\"https:\/\/www.ehboarnhemenomstreken.nl\/wp-content\/uploads\/2022\/04\/mark-met-ahmed.jpg\"><img loading=\"lazy\" decoding=\"async\" width=\"768\" height=\"1024\" src=\"https:\/\/www.ehboarnhemenomstreken.nl\/wp-content\/uploads\/2022\/04\/mark-met-ahmed-768x1024.jpg\" alt=\"\" class=\"wp-image-1597\" srcset=\"https:\/\/www.ehboarnhemenomstreken.nl\/wp-content\/uploads\/2022\/04\/mark-met-ahmed-768x1024.jpg 768w, https:\/\/www.ehboarnhemenomstreken.nl\/wp-content\/uploads\/2022\/04\/mark-met-ahmed-225x300.jpg 225w, https:\/\/www.ehboarnhemenomstreken.nl\/wp-content\/uploads\/2022\/04\/mark-met-ahmed-1152x1536.jpg 1152w, https:\/\/www.ehboarnhemenomstreken.nl\/wp-content\/uploads\/2022\/04\/mark-met-ahmed-1125x1500.jpg 1125w, https:\/\/www.ehboarnhemenomstreken.nl\/wp-content\/uploads\/2022\/04\/mark-met-ahmed.jpg 1200w\" sizes=\"auto, (max-width: 768px) 100vw, 768px\" \/><\/a><figcaption class=\"wp-element-caption\">Koninklijke onderscheiding voor Marc uit handen van Ahmed Marcouch<\/figcaption><\/figure>\n\n\n\n<h2 id=\"wp-block-themeisle-blocks-advanced-heading-932e46bc\" class=\"wp-block-themeisle-blocks-advanced-heading wp-block-themeisle-blocks-advanced-heading-932e46bc\">Afscheid Irene Poolman<\/h2>\n\n\n\n<p><em>21 maart 2022<\/em><br>Tijdens de&nbsp;Algemene Ledenvergadering van maandag 21 maart 2022&nbsp;is Irene Poolman afgetreden als Co\u00f6rdinator Opleiding. Irene heeft deze functie jarenlang met volle overgave vervuld en wij zullen haar enthousiasme enorm missen.&nbsp;Tijdens de vergadering werd Irene in de bloemetjes gezet als dank voor haar enorme inzet gedurende alle jaren.<br>De functie van co\u00f6rdinator opleiding is nog niet ingevuld. Er wordt nog gezocht naar een opvolger van Irene.<\/p>\n\n\n\n<figure class=\"wp-block-image size-large\"><a href=\"https:\/\/www.ehboarnhemenomstreken.nl\/wp-content\/uploads\/2022\/03\/bloemen-irene-1.jpg\"><img loading=\"lazy\" decoding=\"async\" width=\"1024\" height=\"768\" src=\"https:\/\/www.ehboarnhemenomstreken.nl\/wp-content\/uploads\/2022\/03\/bloemen-irene-1-1024x768.jpg\" alt=\"\" class=\"wp-image-1586\" srcset=\"https:\/\/www.ehboarnhemenomstreken.nl\/wp-content\/uploads\/2022\/03\/bloemen-irene-1-1024x768.jpg 1024w, https:\/\/www.ehboarnhemenomstreken.nl\/wp-content\/uploads\/2022\/03\/bloemen-irene-1-300x225.jpg 300w, https:\/\/www.ehboarnhemenomstreken.nl\/wp-content\/uploads\/2022\/03\/bloemen-irene-1-768x576.jpg 768w, https:\/\/www.ehboarnhemenomstreken.nl\/wp-content\/uploads\/2022\/03\/bloemen-irene-1-1536x1152.jpg 1536w, https:\/\/www.ehboarnhemenomstreken.nl\/wp-content\/uploads\/2022\/03\/bloemen-irene-1.jpg 1600w\" sizes=\"auto, (max-width: 1024px) 100vw, 1024px\" \/><\/a><\/figure>\n\n\n\n<h2 class=\"wp-block-heading\">Felicitaties voor Andr\u00e9 Welles!<\/h2>\n\n\n\n<p><em>10 november 2021<\/em><br>Op 9 november heeft Andr\u00e9 Welles glansrijk het instructeursdiploma EHBO behaald!<br>Het bestuur van EHBO Arnhem biedt Andr\u00e9 hiermee hartelijke felicitaties aan met het behaalde diploma en heet Andr\u00e9 van harte welkom in het instructeursteam van EHBO Arnhem! <br>Andr\u00e9 heeft tijdens de herhalingslessen al een voorproefje gegeven van zijn kwaliteiten als instructeur en dat belooft veel goeds voor de toekomst. Zowel het bestuur als de cursisten zien uit naar een mooie samenwerking met hem in de komende tijd!<\/p>\n\n\n\n<h2 class=\"wp-block-heading\">EHBO Arnhem partner van Sportcentrum Valkenhuizen!<\/h2>\n\n\n\n<p><em>juni 2021<\/em><br>Sportcentrum Valkenhuizen en EHBO Arnhem hebben elkaar gevonden voor een nauwere samenwerking. EHBO Arnhem heeft daarin volmondig &#8216;JA&#8217; gezegd! Vanaf 2021 is EHBO Arnhem dan ook officieel partner van Sportcentrum Valkenhuizen. We zijn heel enthousiast over deze ontwikkelingen.<\/p>\n\n\n\n<h2 class=\"wp-block-heading\">Nieuwe EHBO-cursuslocatie<\/h2>\n\n\n\n<p><em>26 juni 2021<\/em><br>EHBO Arnhem is  verhuisd naar een nieuwe locatie: Sportcentrum Valkenhuizen.!<br>Onze dank gaat uit naar iedereen die heeft meegeholpen om deze verhuizing succesvol te laten verlopen. <\/p>\n\n\n\n<figure class=\"wp-block-image size-large\"><a href=\"https:\/\/www.ehboarnhemenomstreken.nl\/wp-content\/uploads\/2021\/06\/Sportcentrum-Valkenhuizen.jpeg\"><img loading=\"lazy\" decoding=\"async\" width=\"1024\" height=\"768\" src=\"https:\/\/www.ehboarnhemenomstreken.nl\/wp-content\/uploads\/2021\/06\/Sportcentrum-Valkenhuizen-1024x768.jpeg\" alt=\"\" class=\"wp-image-1349\" srcset=\"https:\/\/www.ehboarnhemenomstreken.nl\/wp-content\/uploads\/2021\/06\/Sportcentrum-Valkenhuizen-1024x768.jpeg 1024w, https:\/\/www.ehboarnhemenomstreken.nl\/wp-content\/uploads\/2021\/06\/Sportcentrum-Valkenhuizen-300x225.jpeg 300w, https:\/\/www.ehboarnhemenomstreken.nl\/wp-content\/uploads\/2021\/06\/Sportcentrum-Valkenhuizen-768x576.jpeg 768w, https:\/\/www.ehboarnhemenomstreken.nl\/wp-content\/uploads\/2021\/06\/Sportcentrum-Valkenhuizen-1536x1152.jpeg 1536w, https:\/\/www.ehboarnhemenomstreken.nl\/wp-content\/uploads\/2021\/06\/Sportcentrum-Valkenhuizen-2000x1500.jpeg 2000w, https:\/\/www.ehboarnhemenomstreken.nl\/wp-content\/uploads\/2021\/06\/Sportcentrum-Valkenhuizen.jpeg 2016w\" sizes=\"auto, (max-width: 1024px) 100vw, 1024px\" \/><\/a><\/figure>\n\n\n\n<h2 class=\"wp-block-heading\">Bestuurswisseling<\/h2>\n\n\n\n<p><em>zaterdag 2 april 2021<\/em><br>Tijdens de Algemene Ledenvergadering van maandag 22 maart jl. hebben er wat taakwisselingen binnen het bestuur plaatsgevonden.<\/p>\n\n\n\n<p>De Voorzitter, Jan Voigt, was aftredend en heeft zich niet herkiesbaar gesteld. Vanaf 2018 is hij begonnen als ad interim voorzitter en een jaar later als formeel voorzitter. In die jaren heeft hij op zijn karakteristieke, vriendelijke wijze een \u2018frisse wind\u2019 door de vereniging laten waaien. We zijn hem zeer dankbaar voor zijn bereidheid om als voorzitter te fungeren in een periode dat deze positie niet makkelijk kon worden ingevuld. Als nieuwe voorzitter zal Piet Schipperheyn, bij velen reeds bekend, de taak van Jan Voigt overnemen.<\/p>\n\n\n\n<p>Ook heeft de Secretaris, Gerrie Noll, zijn bestuurstaak na bijna 40 jaar teruggegeven. Gerrie, die zijn EHBO-diploma behaalde in 1972 en sinds 1982\/83 als secretaris begon bij EHBO Arnhem Oost, was zeer betrokken bij de vereniging en het reilen en zeilen van de leden van EHBO Arnhem, en was op de maandagavond altijd te zien bij de lessen. Hij heeft in de loop van de jaren als vrijwilliger veel werk verzet, waarvoor hem zelfs een koninklijke onderscheiding is toegekend! Gerrie zal als punctuele secretaris door iedereen worden gemist, maar gelukkig blijft hij zijn ondersteuning verlenen aan de vereniging. Jeroen Huijben zal Gerrie opvolgen als secretaris.<\/p>\n\n\n\n<p>De Coordinator Hulpverlening, Jaco Hoogendoorn, is tijdens deze vergadering officieel afgetreden, maar was weer herkiesbaar en zal doorgaan binnen deze positie.<\/p>\n\n\n\n<p>Linda Bosscher heeft aangegeven het wat rustiger aan te willen doen. Daarom is besloten dat zij niet meer plaats heeft in het bestuur en dat haar werkzaamheden zullen worden beperkt.<\/p>\n\n\n\n<figure class=\"wp-block-gallery has-nested-images columns-default is-cropped wp-block-gallery-1 is-layout-flex wp-block-gallery-is-layout-flex\">\n<figure class=\"wp-block-image size-large\"><a href=\"https:\/\/www.ehboarnhemenomstreken.nl\/wp-content\/uploads\/2021\/04\/Thank-you-2-1024x681.jpg\"><img loading=\"lazy\" decoding=\"async\" width=\"1024\" height=\"681\" data-id=\"1305\" src=\"https:\/\/www.ehboarnhemenomstreken.nl\/wp-content\/uploads\/2021\/04\/Thank-you-2-1024x681.jpg\" alt=\"\" class=\"wp-image-1305\" srcset=\"https:\/\/www.ehboarnhemenomstreken.nl\/wp-content\/uploads\/2021\/04\/Thank-you-2-1024x681.jpg 1024w, https:\/\/www.ehboarnhemenomstreken.nl\/wp-content\/uploads\/2021\/04\/Thank-you-2-300x199.jpg 300w, https:\/\/www.ehboarnhemenomstreken.nl\/wp-content\/uploads\/2021\/04\/Thank-you-2-768x510.jpg 768w, https:\/\/www.ehboarnhemenomstreken.nl\/wp-content\/uploads\/2021\/04\/Thank-you-2-1536x1021.jpg 1536w, https:\/\/www.ehboarnhemenomstreken.nl\/wp-content\/uploads\/2021\/04\/Thank-you-2.jpg 1920w\" sizes=\"auto, (max-width: 1024px) 100vw, 1024px\" \/><\/a><figcaption class=\"wp-element-caption\">Namens EHBO Arnhem heel hartelijk dank voor jullie enorm gewaardeerde inzet!<\/figcaption><\/figure>\n<\/figure>\n\n\n\n<h2 class=\"wp-block-heading\">Cursussen 2021<\/h2>\n\n\n\n<p><em>vrijdag 1 januari 2021<\/em><br>Het bestuur van EHBO Arnhem vindt het geweldig dat alle deelnemers van de twee groepen die de EHBO-cursus in het najaar van 2020 hebben gevolgd zijn geslaagd! Het is heel bijzonder te noemen dat dit succesvol kon worden afgerond ondanks de lastige situatie rondom Covid-19!<\/p>\n\n\n\n<p>Afhankelijk van de coronamaatregelen zal de volgende EHBO-cursus in het najaar van 2021 worden ingepland.<br><br>De herhalingslessen zullen in het najaar van 2021 waarschijnlijk gedeeltelijk online en gedeeltelijk schriftelijk worden aangeboden. De tijd zal uitwijzen hoe kan worden omgegaan met het oefenen van de praktische vaardigheden. Alle leden zullen hiervan tijdig op de hoogte worden gesteld. Gelukkig heeft het Oranje Kruis bepaald dat leden die de laatste herhalingslessen hebben moeten missen van het cursusjaar 2020\/2021 een half jaar respijt hebben om alsnog aan de competenties te voldoen.<\/p>\n\n\n\n<h2 class=\"wp-block-heading\">Herhalingslessen geannuleerd<\/h2>\n\n\n\n<p><em>donderdag 22 oktober 2020<\/em><br>Gezien de oplopende COVID-19 besmettingen ziet het bestuur van EHBO Arnhem zich helaas genoodzaakt om met directe ingang de herhalingslessen die gepland stonden voor de komende tijd te annuleren. De lessen zullen worden opgeschoven en indien mogelijk in het voorjaar van 2021 worden hervat. De reserveringen voor de herhalingslessen 4, 5 en 6 zijn vervallen. Cursisten ontvangen tijdig bericht per e-mail als de herhalingslessen weer worden opgestart.<br><br>NB: de nieuwe EHBO-cursus die van start is gegaan per 21 en 28 september vindt &#8211; <strong>met inachtneming van de aangescherpte richtlijnen<\/strong> &#8211; wel doorgang!<\/p>\n\n\n\n<h2 class=\"wp-block-heading\">Herhalingslessen weer opgestart per september <\/h2>\n\n\n\n<p><em>vrijdag 11 september 2020<\/em><br>De herhalingslessen voor leden zijn vanaf september 2020 weer hervat. Leden dienen zich in te schrijven voor de herhalingslessen door in te loggen onder deze website. Alle leden zijn hierover per e-mail ge\u00efnformeerd.<br>Let op! Het aantal cursisten per herhalingsles moet in verband met de coronamaatregelen gelimiteerd gehouden worden. Er is dus voor iedere voorgestelde datum een beperkt aantal plaatsen beschikbaar.<\/p>\n\n\n\n<h2 class=\"wp-block-heading\">Nieuwe cursus EHBO<\/h2>\n\n\n\n<p><em>maandag 20 juli 2020:<\/em><br>Maandag 21 september zal de nieuwe cursus EHBO weer van start gaan.<br>Voor verdere details, <a href=\"https:\/\/www.ehboarnhemenomstreken.nl\/index.php\/cursus-ehbo\/\">klik hier<\/a>.<br><a href=\"https:\/\/www.ehboarnhemenomstreken.nl\/index.php\/aanmelden-cursus-ehbo\/\">Schrijf je nu in!<\/a><\/p>\n\n\n\n<h2 class=\"wp-block-heading\">EHBO Arnhem hervat hulpverlening<\/h2>\n\n\n\n<p><em>woensdag 1 juli 2020:<\/em><br>Op basis van de versoepelde richtlijnen van de Rijksoverheid en het RIVM heeft EHBO Arnhem besloten om de activiteiten op het gebied van (herhalings)cursussen en hulpverlening <strong>onder voorbehoud van aanvullende voorwaarden <\/strong>weer op te starten.<br>Voor evenementen in Arnhem en omgeving staan onze hulpverleners weer voor u klaar!<br>De data van de (herhalings)cursussen zijn inmiddels bekend en zijn via e-mail en deze website aan de leden aangekondigd.<\/p>\n\n\n\n<h2 class=\"wp-block-heading\">Lintjesregen 2020: Willem Pelkman in het zonnetje gezet!<\/h2>\n\n\n\n<p><em>vrijdag 24 april 2020<\/em>:<br>Willem Pelkman, die al sinds 1984 een enorme inzet heeft getoond voor onze vereniging, is op vrijdag 24 april 2020 op een bijzondere manier in het zonnetje gezet. Op vrijdagmorgen 24 april 2020 werd Willem Pelkman verrast door een telefoontje van burgemeester Marcouch van Arnhem. De burgemeester deelde hem mee dat <em>&#8216;het Zijne Majesteit de Koning behaagd heeft hem te benoemen tot Lid in de Orde van Oranje-Nassau<\/em>&#8216;! <br>Velen kennen Willem als de enthousiaste facilitair medewerker van EHBO Arnhem, of als de toegewijde hulpverlener die bij voetbalvereniging ESA in Rijkerswoerd nooit ontbreekt.<br>EHBO Arnhem is trots op het feit dat zij Willem als vrijwilliger in haar gelederen mag hebben en ziet het dan ook als een welverdiende kroon op het werk van Willem door al de jaren heen dat hij deze benoeming heeft gekregen. We hopen nog lang met Willem te mogen samenwerken!<\/p>\n\n\n\n<figure class=\"wp-block-gallery has-nested-images columns-default is-cropped wp-block-gallery-2 is-layout-flex wp-block-gallery-is-layout-flex\">\n<figure class=\"wp-block-image size-large\"><img loading=\"lazy\" decoding=\"async\" width=\"768\" height=\"1024\" data-id=\"852\" src=\"https:\/\/www.ehboarnhemenomstreken.nl\/wp-content\/uploads\/2020\/04\/Willem-Pelkman-aan-het-werk-1.jpg\" alt=\"\" class=\"wp-image-852\" srcset=\"https:\/\/www.ehboarnhemenomstreken.nl\/wp-content\/uploads\/2020\/04\/Willem-Pelkman-aan-het-werk-1.jpg 768w, https:\/\/www.ehboarnhemenomstreken.nl\/wp-content\/uploads\/2020\/04\/Willem-Pelkman-aan-het-werk-1-225x300.jpg 225w\" sizes=\"auto, (max-width: 768px) 100vw, 768px\" \/><figcaption class=\"wp-element-caption\">Willem in actie<\/figcaption><\/figure>\n\n\n\n<figure class=\"wp-block-image size-large\"><img loading=\"lazy\" decoding=\"async\" width=\"471\" height=\"1024\" data-id=\"853\" src=\"https:\/\/www.ehboarnhemenomstreken.nl\/wp-content\/uploads\/2020\/04\/Willem-Pelkman-in-de-bloemetjes-gezet-1.jpg\" alt=\"\" class=\"wp-image-853\" srcset=\"https:\/\/www.ehboarnhemenomstreken.nl\/wp-content\/uploads\/2020\/04\/Willem-Pelkman-in-de-bloemetjes-gezet-1.jpg 471w, https:\/\/www.ehboarnhemenomstreken.nl\/wp-content\/uploads\/2020\/04\/Willem-Pelkman-in-de-bloemetjes-gezet-1-138x300.jpg 138w\" sizes=\"auto, (max-width: 471px) 100vw, 471px\" \/><figcaption class=\"wp-element-caption\">Willem is blij met zijn onderscheiding<\/figcaption><\/figure>\n<\/figure>\n\n\n\n<h2 class=\"wp-block-heading\">Aangescherpte maatregelen coronavirus<\/h2>\n\n\n\n<p><em>20 maart 2020:<\/em><br>EHBO Arnhem houdt de ontwikkelingen rondom het coronavirus (COVID-19) nauwlettend in de gaten en zal deze pagina steeds voorzien van nieuwe updates.<br>Naar aanleiding van de richtlijnen van het RIVM heeft EHBO Arnhem besloten de navolgende activiteiten te annuleren en\/of tot nader order uit te stellen:<br>&#8211; examen van de lopende cursus EHBO (maart 2020)<br>&#8211; geplande herhalingscursussen<br>&#8211; hulpverlening bij evenementen<\/p>\n\n\n\n<p>EHBO Arnhem gaat &#8211; in overleg met Het Oranje Kruis &#8211; coulant om met vervaldata van EHBO-certificering. Zodra hierover nadere informatie beschikbaar is, zullen alle cursisten een informatiemail met instructies ontvangen.<\/p>\n\n\n\n<h2 class=\"wp-block-heading\">Nieuwe Cursus<\/h2>\n\n\n\n<p><em>16 februari 2020:<\/em><br>De eerstvolgende <a href=\"https:\/\/www.ehboarnhemenomstreken.nl\/index.php\/cursus-ehbo\/\">EHBO-cursus<\/a> is gepland in medio september 2020.<\/p>\n\n\n\n<h2 class=\"wp-block-heading has-text-align-left\">Welkom!<\/h2>\n\n\n\n<p><em>1 november 2019<\/em>:<br>Welkom op de vernieuwde website van EHBO Arnhem! <br>Vanaf 1 november 2019 informeren wij je graag via deze website.<\/p>\n\n\n\n<figure class=\"wp-block-image\"><img loading=\"lazy\" decoding=\"async\" width=\"500\" height=\"499\" src=\"http:\/\/www.ehboarnhemenomstreken.nl\/wp-content\/uploads\/2019\/10\/ehbo-verbandtrommel.jpg\" alt=\"\" class=\"wp-image-534\" srcset=\"https:\/\/www.ehboarnhemenomstreken.nl\/wp-content\/uploads\/2019\/10\/ehbo-verbandtrommel.jpg 500w, https:\/\/www.ehboarnhemenomstreken.nl\/wp-content\/uploads\/2019\/10\/ehbo-verbandtrommel-150x150.jpg 150w, https:\/\/www.ehboarnhemenomstreken.nl\/wp-content\/uploads\/2019\/10\/ehbo-verbandtrommel-300x300.jpg 300w\" sizes=\"auto, (max-width: 500px) 100vw, 500px\" \/><\/figure>\n\n\n\n\n","protected":false},"excerpt":{"rendered":"<p>EHBO Arnhem Presikhaaf en EHBO Arnhem zijn gefuseerd Vanaf 10-4-2026 zijn de verenigingen EHBO Arnhem Presikhaaf en EHBO Arnhem gefuseerd tot \u00e9\u00e9n vereniging:EHBO Arnhem en omstreken Ze combineren jarenlange ervaring in de hulpverlening en opleidingen om gezamenlijk de toekomst tegemoet te gaan. Nieuw lesjaar 28 augustus 2025Vanaf september 2025 zullen wij onze opleiding en herhalingslessen &hellip; <a href=\"https:\/\/www.ehboarnhemenomstreken.nl\/index.php\/nieuws\/\" class=\"more-link\">Continue reading <span class=\"screen-reader-text\">Nieuws<\/span><\/a><\/p>\n","protected":false},"author":1,"featured_media":0,"parent":0,"menu_order":0,"comment_status":"closed","ping_status":"closed","template":"","meta":{"footnotes":""},"class_list":["post-399","page","type-page","status-publish","hentry"],"yoast_head":"<!-- This site is optimized with the Yoast SEO plugin v27.4 - https:\/\/yoast.com\/product\/yoast-seo-wordpress\/ -->\n<title>Nieuws - EHBO Arnhem en omstreken<\/title>\n<meta name=\"description\" content=\"Na de bestuurswisseling van 22 maart 2021 zal Piet Schipperheyn fungeren als voorzitter en Jeroen Huijben als secretaris van EHBO Arnhem.\" \/>\n<meta name=\"robots\" content=\"index, follow, max-snippet:-1, max-image-preview:large, max-video-preview:-1\" \/>\n<link rel=\"canonical\" href=\"https:\/\/www.ehboarnhemenomstreken.nl\/index.php\/nieuws\/\" \/>\n<meta property=\"og:locale\" content=\"nl_NL\" \/>\n<meta property=\"og:type\" content=\"article\" \/>\n<meta property=\"og:title\" content=\"Nieuws - EHBO Arnhem en omstreken\" \/>\n<meta property=\"og:description\" content=\"Na de bestuurswisseling van 22 maart 2021 zal Piet Schipperheyn fungeren als voorzitter en Jeroen Huijben als secretaris van EHBO Arnhem.\" \/>\n<meta property=\"og:url\" content=\"https:\/\/www.ehboarnhemenomstreken.nl\/index.php\/nieuws\/\" \/>\n<meta property=\"og:site_name\" content=\"EHBO Arnhem en omstreken\" \/>\n<meta property=\"article:publisher\" content=\"https:\/\/www.facebook.com\/EHBOverenigingArnhem\" \/>\n<meta property=\"article:modified_time\" content=\"2026-04-14T23:08:03+00:00\" \/>\n<meta property=\"og:image\" content=\"https:\/\/www.ehboarnhemenomstreken.nl\/wp-content\/uploads\/2023\/04\/allen.jpeg\" \/>\n\t<meta property=\"og:image:width\" content=\"1024\" \/>\n\t<meta property=\"og:image:height\" content=\"768\" \/>\n\t<meta property=\"og:image:type\" content=\"image\/jpeg\" \/>\n<meta name=\"twitter:card\" content=\"summary_large_image\" \/>\n<meta name=\"twitter:site\" content=\"@ehboarnhem\" \/>\n<meta name=\"twitter:label1\" content=\"Geschatte leestijd\" \/>\n\t<meta name=\"twitter:data1\" content=\"11 minuten\" \/>\n<script type=\"application\/ld+json\" class=\"yoast-schema-graph\">{\"@context\":\"https:\\\/\\\/schema.org\",\"@graph\":[{\"@type\":\"WebPage\",\"@id\":\"https:\\\/\\\/www.ehboarnhemenomstreken.nl\\\/index.php\\\/nieuws\\\/\",\"url\":\"https:\\\/\\\/www.ehboarnhemenomstreken.nl\\\/index.php\\\/nieuws\\\/\",\"name\":\"Nieuws - EHBO Arnhem en omstreken\",\"isPartOf\":{\"@id\":\"https:\\\/\\\/www.ehboarnhemenomstreken.nl\\\/#website\"},\"primaryImageOfPage\":{\"@id\":\"https:\\\/\\\/www.ehboarnhemenomstreken.nl\\\/index.php\\\/nieuws\\\/#primaryimage\"},\"image\":{\"@id\":\"https:\\\/\\\/www.ehboarnhemenomstreken.nl\\\/index.php\\\/nieuws\\\/#primaryimage\"},\"thumbnailUrl\":\"https:\\\/\\\/www.ehboarnhemenomstreken.nl\\\/wp-content\\\/uploads\\\/2023\\\/04\\\/allen.jpeg\",\"datePublished\":\"2019-09-19T12:26:05+00:00\",\"dateModified\":\"2026-04-14T23:08:03+00:00\",\"description\":\"Na de bestuurswisseling van 22 maart 2021 zal Piet Schipperheyn fungeren als voorzitter en Jeroen Huijben als secretaris van EHBO Arnhem.\",\"breadcrumb\":{\"@id\":\"https:\\\/\\\/www.ehboarnhemenomstreken.nl\\\/index.php\\\/nieuws\\\/#breadcrumb\"},\"inLanguage\":\"nl-NL\",\"potentialAction\":[{\"@type\":\"ReadAction\",\"target\":[\"https:\\\/\\\/www.ehboarnhemenomstreken.nl\\\/index.php\\\/nieuws\\\/\"]}]},{\"@type\":\"ImageObject\",\"inLanguage\":\"nl-NL\",\"@id\":\"https:\\\/\\\/www.ehboarnhemenomstreken.nl\\\/index.php\\\/nieuws\\\/#primaryimage\",\"url\":\"https:\\\/\\\/www.ehboarnhemenomstreken.nl\\\/wp-content\\\/uploads\\\/2023\\\/04\\\/allen.jpeg\",\"contentUrl\":\"https:\\\/\\\/www.ehboarnhemenomstreken.nl\\\/wp-content\\\/uploads\\\/2023\\\/04\\\/allen.jpeg\",\"width\":1024,\"height\":768},{\"@type\":\"BreadcrumbList\",\"@id\":\"https:\\\/\\\/www.ehboarnhemenomstreken.nl\\\/index.php\\\/nieuws\\\/#breadcrumb\",\"itemListElement\":[{\"@type\":\"ListItem\",\"position\":1,\"name\":\"Home\",\"item\":\"https:\\\/\\\/www.ehboarnhemenomstreken.nl\\\/\"},{\"@type\":\"ListItem\",\"position\":2,\"name\":\"Nieuws\"}]},{\"@type\":\"WebSite\",\"@id\":\"https:\\\/\\\/www.ehboarnhemenomstreken.nl\\\/#website\",\"url\":\"https:\\\/\\\/www.ehboarnhemenomstreken.nl\\\/\",\"name\":\"EHBO Arnhem en omstreken\",\"description\":\"D\u00e9 vereniging voor eerste hulp in Arnhem en omstreken!\",\"potentialAction\":[{\"@type\":\"SearchAction\",\"target\":{\"@type\":\"EntryPoint\",\"urlTemplate\":\"https:\\\/\\\/www.ehboarnhemenomstreken.nl\\\/?s={search_term_string}\"},\"query-input\":{\"@type\":\"PropertyValueSpecification\",\"valueRequired\":true,\"valueName\":\"search_term_string\"}}],\"inLanguage\":\"nl-NL\"}]}<\/script>\n<!-- \/ Yoast SEO plugin. -->","yoast_head_json":{"title":"Nieuws - EHBO Arnhem en omstreken","description":"Na de bestuurswisseling van 22 maart 2021 zal Piet Schipperheyn fungeren als voorzitter en Jeroen Huijben als secretaris van EHBO Arnhem.","robots":{"index":"index","follow":"follow","max-snippet":"max-snippet:-1","max-image-preview":"max-image-preview:large","max-video-preview":"max-video-preview:-1"},"canonical":"https:\/\/www.ehboarnhemenomstreken.nl\/index.php\/nieuws\/","og_locale":"nl_NL","og_type":"article","og_title":"Nieuws - EHBO Arnhem en omstreken","og_description":"Na de bestuurswisseling van 22 maart 2021 zal Piet Schipperheyn fungeren als voorzitter en Jeroen Huijben als secretaris van EHBO Arnhem.","og_url":"https:\/\/www.ehboarnhemenomstreken.nl\/index.php\/nieuws\/","og_site_name":"EHBO Arnhem en omstreken","article_publisher":"https:\/\/www.facebook.com\/EHBOverenigingArnhem","article_modified_time":"2026-04-14T23:08:03+00:00","og_image":[{"width":1024,"height":768,"url":"https:\/\/www.ehboarnhemenomstreken.nl\/wp-content\/uploads\/2023\/04\/allen.jpeg","type":"image\/jpeg"}],"twitter_card":"summary_large_image","twitter_site":"@ehboarnhem","twitter_misc":{"Geschatte leestijd":"11 minuten"},"schema":{"@context":"https:\/\/schema.org","@graph":[{"@type":"WebPage","@id":"https:\/\/www.ehboarnhemenomstreken.nl\/index.php\/nieuws\/","url":"https:\/\/www.ehboarnhemenomstreken.nl\/index.php\/nieuws\/","name":"Nieuws - EHBO Arnhem en omstreken","isPartOf":{"@id":"https:\/\/www.ehboarnhemenomstreken.nl\/#website"},"primaryImageOfPage":{"@id":"https:\/\/www.ehboarnhemenomstreken.nl\/index.php\/nieuws\/#primaryimage"},"image":{"@id":"https:\/\/www.ehboarnhemenomstreken.nl\/index.php\/nieuws\/#primaryimage"},"thumbnailUrl":"https:\/\/www.ehboarnhemenomstreken.nl\/wp-content\/uploads\/2023\/04\/allen.jpeg","datePublished":"2019-09-19T12:26:05+00:00","dateModified":"2026-04-14T23:08:03+00:00","description":"Na de bestuurswisseling van 22 maart 2021 zal Piet Schipperheyn fungeren als voorzitter en Jeroen Huijben als secretaris van EHBO Arnhem.","breadcrumb":{"@id":"https:\/\/www.ehboarnhemenomstreken.nl\/index.php\/nieuws\/#breadcrumb"},"inLanguage":"nl-NL","potentialAction":[{"@type":"ReadAction","target":["https:\/\/www.ehboarnhemenomstreken.nl\/index.php\/nieuws\/"]}]},{"@type":"ImageObject","inLanguage":"nl-NL","@id":"https:\/\/www.ehboarnhemenomstreken.nl\/index.php\/nieuws\/#primaryimage","url":"https:\/\/www.ehboarnhemenomstreken.nl\/wp-content\/uploads\/2023\/04\/allen.jpeg","contentUrl":"https:\/\/www.ehboarnhemenomstreken.nl\/wp-content\/uploads\/2023\/04\/allen.jpeg","width":1024,"height":768},{"@type":"BreadcrumbList","@id":"https:\/\/www.ehboarnhemenomstreken.nl\/index.php\/nieuws\/#breadcrumb","itemListElement":[{"@type":"ListItem","position":1,"name":"Home","item":"https:\/\/www.ehboarnhemenomstreken.nl\/"},{"@type":"ListItem","position":2,"name":"Nieuws"}]},{"@type":"WebSite","@id":"https:\/\/www.ehboarnhemenomstreken.nl\/#website","url":"https:\/\/www.ehboarnhemenomstreken.nl\/","name":"EHBO Arnhem en omstreken","description":"D\u00e9 vereniging voor eerste hulp in Arnhem en omstreken!","potentialAction":[{"@type":"SearchAction","target":{"@type":"EntryPoint","urlTemplate":"https:\/\/www.ehboarnhemenomstreken.nl\/?s={search_term_string}"},"query-input":{"@type":"PropertyValueSpecification","valueRequired":true,"valueName":"search_term_string"}}],"inLanguage":"nl-NL"}]}},"_links":{"self":[{"href":"https:\/\/www.ehboarnhemenomstreken.nl\/index.php\/wp-json\/wp\/v2\/pages\/399","targetHints":{"allow":["GET"]}}],"collection":[{"href":"https:\/\/www.ehboarnhemenomstreken.nl\/index.php\/wp-json\/wp\/v2\/pages"}],"about":[{"href":"https:\/\/www.ehboarnhemenomstreken.nl\/index.php\/wp-json\/wp\/v2\/types\/page"}],"author":[{"embeddable":true,"href":"https:\/\/www.ehboarnhemenomstreken.nl\/index.php\/wp-json\/wp\/v2\/users\/1"}],"replies":[{"embeddable":true,"href":"https:\/\/www.ehboarnhemenomstreken.nl\/index.php\/wp-json\/wp\/v2\/comments?post=399"}],"version-history":[{"count":56,"href":"https:\/\/www.ehboarnhemenomstreken.nl\/index.php\/wp-json\/wp\/v2\/pages\/399\/revisions"}],"predecessor-version":[{"id":2416,"href":"https:\/\/www.ehboarnhemenomstreken.nl\/index.php\/wp-json\/wp\/v2\/pages\/399\/revisions\/2416"}],"wp:attachment":[{"href":"https:\/\/www.ehboarnhemenomstreken.nl\/index.php\/wp-json\/wp\/v2\/media?parent=399"}],"curies":[{"name":"wp","href":"https:\/\/api.w.org\/{rel}","templated":true}]}}